{"id":114652,"date":"2025-05-19T19:17:21","date_gmt":"2025-05-19T17:17:21","guid":{"rendered":"https:\/\/www.orto-bar.com\/?post_type=product&#038;p=114652"},"modified":"2025-09-18T20:09:53","modified_gmt":"2025-09-18T18:09:53","slug":"zadnji-na-spisku-jaja-bojz","status":"publish","type":"product","link":"https:\/\/www.orto-bar.com\/en\/dogodki\/arhiv\/zadnji-na-spisku-jaja-bojz\/","title":{"rendered":"Zadnji na spisku, Jaja Bojz"},"content":{"rendered":"<p>&nbsp;<\/p>\n<p><strong>ZADNJI NA SPISKU<\/strong><\/p>\n<p>&nbsp;<\/p>\n<p>Mi\u0161o Drobe\u017e \u2013 kitara, vokal<\/p>\n<p>Miha Friedrich \u2013 bobni, vokal<\/p>\n<p>Matej Tekav\u010di\u010d \u2013 bas, vokal<\/p>\n<p>&nbsp;<\/p>\n<p>Trojni koncentrat sleherni\u0161tva razpetega med slu\u017ebo in dru\u017ebo, \u0161ankom in pankom.<\/p>\n<p>V dobi pandemi\u010dnega dolg\u010dasa trio starih glasbenih znancev \u2013 instrumentalistov stopi pred mikrofone in svoje sleherni\u0161tvo izlije na papir. Nastane gibanica spevnega rocka, ki di\u0161i po glasbi iz njihove mladosti. Energi\u010den nastop skupine temelji na rock glasbeni tradiciji z mo\u010dno poudarjenimi instrumentalnimi aran\u017emaji in ve\u010dglasnimi vokalnimi napevi. Stremi k bistvu glasbenega izraza \u2013 pesmi. Sporo\u010dilo je neposredno z udarno glasbeno podlago.<\/p>\n<p>&nbsp;<\/p>\n<p>\u010clani skupine imajo za seboj \u017ee 20 let skupnega delovanja in pravkar izdano plo\u0161\u010do dostopno tudi na vseh preto\u010dnih platformah.<\/p>\n<p>&nbsp;<\/p>\n<p><a href=\"https:\/\/www.youtube.com\/@zadnjinaspisku\">https:\/\/www.youtube.com\/@zadnjinaspisku<\/a><\/p>\n<p>&nbsp;<\/p>\n<p><a href=\"https:\/\/fb.me\/zadnjinaspisku\">https:\/\/fb.me\/zadnjinaspisku<\/a><\/p>\n<p>&nbsp;<\/p>\n<p>https:\/\/www.instagram.com\/zadnjinaspisku\/<\/p>\n<p>&nbsp;<\/p>\n<p>Ne mor\u0161 ceu lajf delat isto, pol pa pr\u010dakvat &#8230; SPREMEMBE!<\/p>\n<p>&nbsp;<\/p>\n<p>&nbsp;<\/p>\n<p>&nbsp;<\/p>\n<p><strong>JAJA BOJZ<\/strong><\/p>\n<p>&nbsp;<\/p>\n<p>Kme\u010dka liga Dolenjske Toplice \u0161e ni vidla take pizdarije, kukr so podgurski pank ansambl jaja fantje. Z vilam, grablam in kitaram jaja bojz popeljejo vsakogar na nepozabno dogodiv\u0161\u010dino. Zatu n\u010d bremzat pa gruntat. Dolge lu\u010di pa gas do podnaaa!!!!<\/p>\n<p>&nbsp;<\/p>\n<p>FB: <a href=\"https:\/\/www.facebook.com\/jajabojz\/\">https:\/\/www.facebook.com\/jajabojz\/<\/a><\/p>\n<p>&nbsp;<\/p>\n<p>IG: <a href=\"https:\/\/www.instagram.com\/jajabojz\/\">https:\/\/www.instagram.com\/jajabojz\/<\/a><\/p>\n<p>&nbsp;<\/p>\n<p>Webpage: <a href=\"https:\/\/jajabojzband.wordpress.com\/\">https:\/\/jajabojzband.wordpress.com\/<\/a><\/p>\n<p>&nbsp;<\/p>\n<p>YT: <a href=\"https:\/\/www.youtube.com\/@jajabojz\">https:\/\/www.youtube.com\/@jajabojz<\/a><\/p>\n<p>&nbsp;<\/p>\n<p>Spotify: <a href=\"https:\/\/open.spotify.com\/artist\/3KaaZtctH3H8SHaxjmiZYQ?si=lqd3wXifThyP7UHw5AdXEg\">https:\/\/open.spotify.com\/artist\/3KaaZtctH3H8SHaxjmiZYQ?si=lqd3wXifThyP7UHw5AdXEg<\/a><\/p>\n<p>&nbsp;<\/p>\n<p>&nbsp;<\/p>","protected":false},"excerpt":{"rendered":"<p>&nbsp; ZADNJI NA SPISKU &nbsp; Mi\u0161o Drobe\u017e \u2013 kitara, vokal Miha Friedrich \u2013 bobni, vokal Matej Tekav\u010di\u010d \u2013 bas, vokal &nbsp; Trojni koncentrat sleherni\u0161tva razpetega med slu\u017ebo in dru\u017ebo, \u0161ankom in pankom. V dobi pandemi\u010dnega dolg\u010dasa trio starih glasbenih znancev \u2013 instrumentalistov stopi pred mikrofone in svoje sleherni\u0161tvo izlije na papir. Nastane gibanica spevnega rocka, [&hellip;]<\/p>","protected":false},"author":11,"featured_media":114653,"template":"","meta":{"_seopress_robots_primary_cat":"none","_seopress_titles_title":"","_seopress_titles_desc":"","_seopress_robots_index":""},"product_brand":[],"product_cat":[230],"product_tag":[222],"class_list":{"0":"post-114652","1":"product","2":"type-product","3":"status-publish","4":"has-post-thumbnail","6":"product_cat-arhiv","7":"product_tag-predprodaja","9":"entry","10":"has-media","12":"first","13":"instock","14":"virtual","15":"taxable","16":"product-type-simple","17":"has-product-nav","18":"col","19":"span_1_of_4","20":"owp-content-center","21":"item-entry","22":"owp-thumbs-layout-horizontal","23":"owp-btn-normal","24":"owp-tabs-layout-section","25":"has-no-thumbnails"},"publishpress_future_action":{"enabled":false,"date":"2026-05-02 12:15:13","action":"change-status","newStatus":"draft","terms":[],"taxonomy":"product_cat","extraData":[]},"publishpress_future_workflow_manual_trigger":{"enabledWorkflows":[]},"_links":{"self":[{"href":"https:\/\/www.orto-bar.com\/en\/wp-json\/wp\/v2\/product\/114652","targetHints":{"allow":["GET"]}}],"collection":[{"href":"https:\/\/www.orto-bar.com\/en\/wp-json\/wp\/v2\/product"}],"about":[{"href":"https:\/\/www.orto-bar.com\/en\/wp-json\/wp\/v2\/types\/product"}],"author":[{"embeddable":true,"href":"https:\/\/www.orto-bar.com\/en\/wp-json\/wp\/v2\/users\/11"}],"version-history":[{"count":0,"href":"https:\/\/www.orto-bar.com\/en\/wp-json\/wp\/v2\/product\/114652\/revisions"}],"wp:featuredmedia":[{"embeddable":true,"href":"https:\/\/www.orto-bar.com\/en\/wp-json\/wp\/v2\/media\/114653"}],"wp:attachment":[{"href":"https:\/\/www.orto-bar.com\/en\/wp-json\/wp\/v2\/media?parent=114652"}],"wp:term":[{"taxonomy":"product_brand","embeddable":true,"href":"https:\/\/www.orto-bar.com\/en\/wp-json\/wp\/v2\/product_brand?post=114652"},{"taxonomy":"product_cat","embeddable":true,"href":"https:\/\/www.orto-bar.com\/en\/wp-json\/wp\/v2\/product_cat?post=114652"},{"taxonomy":"product_tag","embeddable":true,"href":"https:\/\/www.orto-bar.com\/en\/wp-json\/wp\/v2\/product_tag?post=114652"}],"curies":[{"name":"wp","href":"https:\/\/api.w.org\/{rel}","templated":true}]}}