{"id":130584,"date":"2026-01-13T18:21:25","date_gmt":"2026-01-13T17:21:25","guid":{"rendered":"https:\/\/www.orto-bar.com\/?post_type=product&#038;p=130584"},"modified":"2026-05-03T04:26:40","modified_gmt":"2026-05-03T02:26:40","slug":"orto-fest-2026-martina-et-al","status":"publish","type":"product","link":"https:\/\/www.orto-bar.com\/en\/dogodki\/arhiv\/orto-fest-2026-martina-et-al\/","title":{"rendered":"Orto Fest 2026-Martina Et Al."},"content":{"rendered":"<p><b>MARTINA ET AL.\u00a0<\/b><\/p>\n<p><b><i>\u201cV \u017eivo so \u0161e udarnej\u0161i,\u201d<\/i><\/b><b> pravijo tisti, ki so jih sli\u0161ali v Siti teatru. Koncertna izdaja prepri\u010dljivo dopolnjuje prvenec\u00a0<\/b><b><i>3, 2, 1<\/i><\/b><b>.<\/b><\/p>\n<p><span style=\"font-weight: 400;\">Trojica, ki jo sestavljajo <\/span><b>Martina Mravinec Bohte<\/b><span style=\"font-weight: 400;\">, <\/span><b>Primo\u017e Velikonja<\/b><span style=\"font-weight: 400;\"> in <\/span><b>Domen Bohte<\/b><span style=\"font-weight: 400;\">, je v leto\u0161njem letu postregla <\/span><a href=\"https:\/\/www.youtube.com\/@martinaetal\/videos\"><span style=\"font-weight: 400;\">s tremi singli<\/span><\/a><span style=\"font-weight: 400;\">, glasbeno pot pa oplemenitila \u0161e s koncertom ob izidu prvenca. <\/span><i><span style=\"font-weight: 400;\">\u00bbTo je bil pomemben mejnik. Najve\u010dja dilema je bila ravno trio zasedba \u2013 ali bo dovolj za dobro koncertno izku\u0161njo? Na koncertu smo si dokazali, da ne le funkcionira, ampak da koncertna izku\u0161nja na\u0161o glasbo dejansko nadgradi in obogati,\u00ab <\/span><\/i><span style=\"font-weight: 400;\">pravijo \u010dlani zasedbe, ki jim je z barvitimi vokalnimi harmonijami, izrazito ritmi\u010dnostjo in \u017eanrsko kompleksnostjo uspelo uspe\u0161no nagovoriti poslu\u0161alstvo.\u00a0<\/span><\/p>\n<p><b>Pristna interakcija, ki je ni mogo\u010de ujeti v studiu.<\/b><\/p>\n<p><span style=\"font-weight: 400;\">Studijski prvenec\u00a0<\/span><b><i>3, 2, 1<\/i><\/b><span style=\"font-weight: 400;\">, ki ga je kritik Ja\u0161a Loren\u010di\u010d za <\/span><a href=\"https:\/\/www.sigic.si\/kataklizma-alter-popa.html\"><span style=\"font-weight: 400;\">Odzven<\/span><\/a><span style=\"font-weight: 400;\"> opisal kot\u00a0<\/span><i><span style=\"font-weight: 400;\">\u201cprecej hermeti\u010den in kaoti\u010den album, ko \u017eeli odpreti svet, odpraviti gravitacijo, \u010das, vonj, okus, \u017eanre,\u201d<\/span><\/i><span style=\"font-weight: 400;\">\u00a0je tako dobil razli\u010dico, ki bo zasedbo MARTINA ET AL. \u0161e bolj povezala z ob\u010dinstvom.\u00a0<\/span><\/p>","protected":false},"excerpt":{"rendered":"<p>MARTINA ET AL.\u00a0 \u201cV \u017eivo so \u0161e udarnej\u0161i,\u201d pravijo tisti, ki so jih sli\u0161ali v Siti teatru. Koncertna izdaja prepri\u010dljivo dopolnjuje prvenec\u00a03, 2, 1. Trojica, ki jo sestavljajo Martina Mravinec Bohte, Primo\u017e Velikonja in Domen Bohte, je v leto\u0161njem letu postregla s tremi singli, glasbeno pot pa oplemenitila \u0161e s koncertom ob izidu prvenca. \u00bbTo [&hellip;]<\/p>","protected":false},"author":11,"featured_media":130585,"template":"","meta":{"_seopress_robots_primary_cat":"none","_seopress_titles_title":"","_seopress_titles_desc":"","_seopress_robots_index":""},"product_brand":[],"product_cat":[230],"product_tag":[222],"class_list":{"0":"post-130584","1":"product","2":"type-product","3":"status-publish","4":"has-post-thumbnail","6":"product_cat-arhiv","7":"product_tag-predprodaja","9":"entry","10":"has-media","12":"first","13":"instock","14":"virtual","15":"taxable","16":"product-type-simple","17":"has-product-nav","18":"col","19":"span_1_of_4","20":"owp-content-center","21":"item-entry","22":"owp-thumbs-layout-horizontal","23":"owp-btn-normal","24":"owp-tabs-layout-section","25":"has-no-thumbnails"},"publishpress_future_action":{"enabled":false,"date":"2026-05-10 14:58:21","action":"change-status","newStatus":"draft","terms":[],"taxonomy":"product_cat","extraData":[]},"publishpress_future_workflow_manual_trigger":{"enabledWorkflows":[]},"_links":{"self":[{"href":"https:\/\/www.orto-bar.com\/en\/wp-json\/wp\/v2\/product\/130584","targetHints":{"allow":["GET"]}}],"collection":[{"href":"https:\/\/www.orto-bar.com\/en\/wp-json\/wp\/v2\/product"}],"about":[{"href":"https:\/\/www.orto-bar.com\/en\/wp-json\/wp\/v2\/types\/product"}],"author":[{"embeddable":true,"href":"https:\/\/www.orto-bar.com\/en\/wp-json\/wp\/v2\/users\/11"}],"version-history":[{"count":0,"href":"https:\/\/www.orto-bar.com\/en\/wp-json\/wp\/v2\/product\/130584\/revisions"}],"wp:featuredmedia":[{"embeddable":true,"href":"https:\/\/www.orto-bar.com\/en\/wp-json\/wp\/v2\/media\/130585"}],"wp:attachment":[{"href":"https:\/\/www.orto-bar.com\/en\/wp-json\/wp\/v2\/media?parent=130584"}],"wp:term":[{"taxonomy":"product_brand","embeddable":true,"href":"https:\/\/www.orto-bar.com\/en\/wp-json\/wp\/v2\/product_brand?post=130584"},{"taxonomy":"product_cat","embeddable":true,"href":"https:\/\/www.orto-bar.com\/en\/wp-json\/wp\/v2\/product_cat?post=130584"},{"taxonomy":"product_tag","embeddable":true,"href":"https:\/\/www.orto-bar.com\/en\/wp-json\/wp\/v2\/product_tag?post=130584"}],"curies":[{"name":"wp","href":"https:\/\/api.w.org\/{rel}","templated":true}]}}