{"id":148060,"date":"2026-04-28T14:23:57","date_gmt":"2026-04-28T12:23:57","guid":{"rendered":"https:\/\/www.orto-bar.com\/?post_type=product&#038;p=148060"},"modified":"2026-04-28T14:34:22","modified_gmt":"2026-04-28T12:34:22","slug":"kreera-predstavitev-prvega-albuma","status":"publish","type":"product","link":"https:\/\/www.orto-bar.com\/en\/dogodki\/koncerti\/kreera-predstavitev-prvega-albuma\/","title":{"rendered":"Kreera -predstavitev prvega albuma"},"content":{"rendered":"<p>Kreera predstavlja svoj prvi album! Slovenska indie pop rock skupina, ki jo sestavljamo Tia Alfirev (vokal), Bla\u017e \u017dlogar (kitara), Anita Eva Pogorelec (klaviature in back vokal), Matja\u017e Pogorelec (bas) in Leon Pe\u010dari\u010d (bobni) je zapakirala tri leta skupnega ustvarjanja v glasbeno popotovanje. Lepo vabljeni vsi kul artsy kids, vsi srame\u017eljivi luzerji, vsi z zlomljenimi srci in tisti sre\u010dno poro\u010deni in vsi vmes. Pridi se najti v na\u0161ih besedilih in se zlij z na\u0161imi vibracijami. Magijo dogodka itak ustvarjate vi dobri ljudje, mi pa obljubimo da bo spremljava \u010darobni urok, ki ga potrebujete. Se vidimo &lt;3<\/p>\n<p>&nbsp;<\/p>\n<p>Povezave do spletnih profilov:<\/p>\n<p>Instagram: <a href=\"https:\/\/www.instagram.com\/kreera_band\/\">https:\/\/www.instagram.com\/kreera_band\/<\/a><\/p>\n<p>Facebook: <a href=\"https:\/\/www.facebook.com\/kreeraband\">https:\/\/www.facebook.com\/kreeraband<\/a><\/p>\n<p>Youtube: <a href=\"https:\/\/youtube.com\/@kreeraband?si=zZBdM2wdFKVveTZ2\">https:\/\/youtube.com\/@kreeraband?si=zZBdM2wdFKVveTZ2<\/a><\/p>\n<p>Spotify: <a href=\"https:\/\/open.spotify.com\/artist\/4YHCcECbnb38sCeQWVjyH4?si=RFRUbXPAQVG67NRGMsPkiQ\">https:\/\/open.spotify.com\/artist\/4YHCcECbnb38sCeQWVjyH4?si=RFRUbXPAQVG67NRGMsPkiQ<\/a><\/p>\n<p>&nbsp;<\/p>\n<p>&nbsp;<\/p>","protected":false},"excerpt":{"rendered":"<p>Kreera predstavlja svoj prvi album! Slovenska indie pop rock skupina, ki jo sestavljamo Tia Alfirev (vokal), Bla\u017e \u017dlogar (kitara), Anita Eva Pogorelec (klaviature in back vokal), Matja\u017e Pogorelec (bas) in Leon Pe\u010dari\u010d (bobni) je zapakirala tri leta skupnega ustvarjanja v glasbeno popotovanje. Lepo vabljeni vsi kul artsy kids, vsi srame\u017eljivi luzerji, vsi z zlomljenimi srci [&hellip;]<\/p>","protected":false},"author":11,"featured_media":148061,"template":"","meta":{"_seopress_robots_primary_cat":"none","_seopress_titles_title":"","_seopress_titles_desc":"","_seopress_robots_index":""},"product_brand":[],"product_cat":[226],"product_tag":[222],"class_list":{"0":"post-148060","1":"product","2":"type-product","3":"status-publish","4":"has-post-thumbnail","6":"product_cat-koncerti","7":"product_tag-predprodaja","9":"entry","10":"has-media","12":"first","13":"instock","14":"sale","15":"virtual","16":"taxable","17":"purchasable","18":"product-type-simple","19":"has-product-nav","20":"col","21":"span_1_of_4","22":"owp-content-center","23":"item-entry","24":"owp-thumbs-layout-horizontal","25":"owp-btn-normal","26":"owp-tabs-layout-section","27":"has-no-thumbnails"},"publishpress_future_action":{"enabled":true,"date":"2026-06-13 01:23:00","action":"category","newStatus":"draft","terms":[230],"taxonomy":"product_cat","extraData":[]},"publishpress_future_workflow_manual_trigger":{"enabledWorkflows":[]},"_links":{"self":[{"href":"https:\/\/www.orto-bar.com\/en\/wp-json\/wp\/v2\/product\/148060","targetHints":{"allow":["GET"]}}],"collection":[{"href":"https:\/\/www.orto-bar.com\/en\/wp-json\/wp\/v2\/product"}],"about":[{"href":"https:\/\/www.orto-bar.com\/en\/wp-json\/wp\/v2\/types\/product"}],"author":[{"embeddable":true,"href":"https:\/\/www.orto-bar.com\/en\/wp-json\/wp\/v2\/users\/11"}],"version-history":[{"count":1,"href":"https:\/\/www.orto-bar.com\/en\/wp-json\/wp\/v2\/product\/148060\/revisions"}],"predecessor-version":[{"id":148062,"href":"https:\/\/www.orto-bar.com\/en\/wp-json\/wp\/v2\/product\/148060\/revisions\/148062"}],"wp:featuredmedia":[{"embeddable":true,"href":"https:\/\/www.orto-bar.com\/en\/wp-json\/wp\/v2\/media\/148061"}],"wp:attachment":[{"href":"https:\/\/www.orto-bar.com\/en\/wp-json\/wp\/v2\/media?parent=148060"}],"wp:term":[{"taxonomy":"product_brand","embeddable":true,"href":"https:\/\/www.orto-bar.com\/en\/wp-json\/wp\/v2\/product_brand?post=148060"},{"taxonomy":"product_cat","embeddable":true,"href":"https:\/\/www.orto-bar.com\/en\/wp-json\/wp\/v2\/product_cat?post=148060"},{"taxonomy":"product_tag","embeddable":true,"href":"https:\/\/www.orto-bar.com\/en\/wp-json\/wp\/v2\/product_tag?post=148060"}],"curies":[{"name":"wp","href":"https:\/\/api.w.org\/{rel}","templated":true}]}}