{"id":30290,"date":"2023-02-06T11:27:29","date_gmt":"2023-02-06T11:27:29","guid":{"rendered":"https:\/\/www.orto-bar.com\/?post_type=product&#038;p=30290"},"modified":"2023-03-23T14:51:08","modified_gmt":"2023-03-23T13:51:08","slug":"paul-grem-hoffman","status":"publish","type":"product","link":"https:\/\/www.orto-bar.com\/en\/dogodki\/arhiv\/paul-grem-hoffman\/","title":{"rendered":"Paul Grem , Hoffman"},"content":{"rendered":"<p>**\ud835\udde3\ud835\uddd4\ud835\udde8\ud835\udddf \ud835\uddda\ud835\udde5\ud835\uddd8\ud835\udde0**<br \/>\nPaul Grem so na svojo pot stopili pred tremi leti. Pravi trenutek, predvsem pa skupni pogled na glasbo ter navdih za njeno ustvarjanje so bili klju\u010dni, da so brata Mitja in Marko Stropnik, Andrej Rot, Du\u0161an Sagadin Duco ter Patrik Grbac zdru\u017eili mo\u010di in se povezali v novo zasedbo.<\/p>\n<p>Prihajajo iz razli\u010dnih glasbenih voda (Tinkara Kova\u010d, Rudi &amp; the cool vibes, Matja\u017e Jelen band, Ptice, \u0160pi\u010dikuc Orchestra, Danilo Kocjan\u010di\u010d Friends, Bluesback &#8230;) , zdru\u017eeni v Paul Grem pa se izra\u017eajo s preprostimi, surovimi melodijami in brutalno \u017eivljenjskimi ter osebno izpovednimi besedili. Po njihovih \u017eilah te\u010de blues, country in rock s primesmi popa.<\/p>\n<p>Zasedba:<br \/>\nDu\u0161an Sagadin &#8211; Duco (glas in kitara)<br \/>\nMarko Stropnik (kitara)<br \/>\nAndrej Rot (kitara)<br \/>\nPatrik Grbac (bas)<br \/>\nMitja Stropnik (bobni)<\/p>\n<p>**\ud835\udddb\ud835\udde2\ud835\uddd9\ud835\uddd9\ud835\udde0\ud835\uddd4\ud835\udde1**<\/p>\n<p>Pomenljivo so se predstavili s skladbo \u00bbTisti moment\u00ab, ki govori ravno o trenutku poguma, ki si ga vzame\u0161 samo zase in tako stopi\u0161 na pot samouresni\u010ditve. Poslu\u0161alci Vala 202 so jo takoj izbrali za popevko tedna. Zasedba, ki jo lokacijsko vle\u010de na Gorenjsko, je stkala vezi z odli\u010dnim kitaristom in producentom Petrom Deklevo, ki se je podpisal pod njihov prvi studijski album.<\/p>\n<p>Pet\u010dlanska zasedba je lanskega novembra predstavila enajst komadi\u010dev, ki okusno vijugajo med alternativo, rockom, ob\u010dasno pa se ustavijo v plesni lu\u017ei in zakorakajo tudi v popularno blato.<\/p>\n<p>Zasedba:<br \/>\nMatja\u017e Tav\u010dar (kitara)<br \/>\nIztok Ore\u0161nik (vokal)<br \/>\nKlara Skaza (bas)<br \/>\nTilen Krasni\u010d (bobni)<\/p>","protected":false},"excerpt":{"rendered":"<p>**\ud835\udde3\ud835\uddd4\ud835\udde8\ud835\udddf \ud835\uddda\ud835\udde5\ud835\uddd8\ud835\udde0** Paul Grem so na svojo pot stopili pred tremi leti. Pravi trenutek, predvsem pa skupni pogled na glasbo ter navdih za njeno ustvarjanje so bili klju\u010dni, da so brata Mitja in Marko Stropnik, Andrej Rot, Du\u0161an Sagadin Duco ter Patrik Grbac zdru\u017eili mo\u010di in se povezali v novo zasedbo. Prihajajo iz razli\u010dnih glasbenih [&hellip;]<\/p>","protected":false},"author":11,"featured_media":30291,"template":"","meta":{"_seopress_robots_primary_cat":"none","_seopress_titles_title":"","_seopress_titles_desc":"","_seopress_robots_index":""},"product_brand":[],"product_cat":[230],"product_tag":[222],"class_list":{"0":"post-30290","1":"product","2":"type-product","3":"status-publish","4":"has-post-thumbnail","6":"product_cat-arhiv","7":"product_tag-predprodaja","9":"entry","10":"has-media","12":"first","13":"instock","14":"virtual","15":"taxable","16":"product-type-simple","17":"has-product-nav","18":"col","19":"span_1_of_4","20":"owp-content-center","21":"item-entry","22":"owp-thumbs-layout-horizontal","23":"owp-btn-normal","24":"owp-tabs-layout-section","25":"has-no-thumbnails"},"publishpress_future_action":{"enabled":false,"date":"2026-05-08 15:51:14","action":"change-status","newStatus":"draft","terms":[],"taxonomy":"product_cat","extraData":[]},"publishpress_future_workflow_manual_trigger":{"enabledWorkflows":[]},"_links":{"self":[{"href":"https:\/\/www.orto-bar.com\/en\/wp-json\/wp\/v2\/product\/30290","targetHints":{"allow":["GET"]}}],"collection":[{"href":"https:\/\/www.orto-bar.com\/en\/wp-json\/wp\/v2\/product"}],"about":[{"href":"https:\/\/www.orto-bar.com\/en\/wp-json\/wp\/v2\/types\/product"}],"author":[{"embeddable":true,"href":"https:\/\/www.orto-bar.com\/en\/wp-json\/wp\/v2\/users\/11"}],"version-history":[{"count":0,"href":"https:\/\/www.orto-bar.com\/en\/wp-json\/wp\/v2\/product\/30290\/revisions"}],"wp:featuredmedia":[{"embeddable":true,"href":"https:\/\/www.orto-bar.com\/en\/wp-json\/wp\/v2\/media\/30291"}],"wp:attachment":[{"href":"https:\/\/www.orto-bar.com\/en\/wp-json\/wp\/v2\/media?parent=30290"}],"wp:term":[{"taxonomy":"product_brand","embeddable":true,"href":"https:\/\/www.orto-bar.com\/en\/wp-json\/wp\/v2\/product_brand?post=30290"},{"taxonomy":"product_cat","embeddable":true,"href":"https:\/\/www.orto-bar.com\/en\/wp-json\/wp\/v2\/product_cat?post=30290"},{"taxonomy":"product_tag","embeddable":true,"href":"https:\/\/www.orto-bar.com\/en\/wp-json\/wp\/v2\/product_tag?post=30290"}],"curies":[{"name":"wp","href":"https:\/\/api.w.org\/{rel}","templated":true}]}}