{"id":41605,"date":"2023-04-09T15:58:36","date_gmt":"2023-04-09T14:58:36","guid":{"rendered":"https:\/\/www.orto-bar.com\/?post_type=product&#038;p=41605"},"modified":"2023-05-11T14:08:52","modified_gmt":"2023-05-11T13:08:52","slug":"skalppelhan","status":"publish","type":"product","link":"https:\/\/www.orto-bar.com\/en\/dogodki\/arhiv\/skalppelhan\/","title":{"rendered":"Skalp,Pelhan"},"content":{"rendered":"<p>&nbsp;<\/p>\n<p>Na koncertu bosta po predolgem \u010dasu mo\u010di spet zdru\u017eili dve ajdovski rock skupini SKALP in PELHAN.<\/p>\n<p>Skupini bosta predstavili nov avtorski material, ki bo iz\u0161el v prihodnjih mesecih leto\u0161njega leta, prav tako pa ne bodo manjkali stari hiti, kot so Vem da lahko, Krik izpod mrzlih rjuh, V neznano&#8230;<\/p>\n<p>&nbsp;<\/p>\n<p><strong>SKALP<\/strong>:<\/p>\n<p>Glasbena skupina\u00a0Skalp\u00a0prihaja iz Ajdov\u0161\u010dine. V letu 2007 so fantje pri ZKP RTV Slovenija izdali svoj prvi album \u00bbPreproste re\u0161itve\u00ab, s katerega je kar 6 singlov zasedlo prva mesta radijskih lestvic. Leta 2012 je bil pri isti zalo\u017ebi izdan drugi album \u00bbMars je prodan\u00ab z nosilno skladbo\u00a0<strong>Vem, da lahko!<\/strong>, ki je prejela nagrado za najbolj\u0161i videospot leta.<\/p>\n<p>&nbsp;<\/p>\n<p>Pred kratkim so izdali sklado Boli te, kmalu pa bodo izdali \u0161e dva singla.<\/p>\n<p><strong>Boli te<\/strong>:<\/p>\n<p><a href=\"https:\/\/www.youtube.com\/watch?v=PEspi_AsvM4\">https:\/\/www.youtube.com\/watch?v=PEspi_AsvM4<\/a><\/p>\n<p><strong>Vem da lahko<\/strong>:<\/p>\n<p><a href=\"https:\/\/www.youtube.com\/watch?v=ZsaMsLSgKNY\">https:\/\/www.youtube.com\/watch?v=ZsaMsLSgKNY<\/a><\/p>\n<p>&nbsp;<\/p>\n<p><strong>PELHAN<\/strong>:<\/p>\n<p>Bend sestavljajo Ale\u0161 Pelhan na kitari in vokalu, Simon Mislej na bobnih ter Matej Likar na basu. Zasedba deluje od leta 2012. Leta 2013 so izdali prvenec z naslovom \u2018V neznano\u2019, ki mu je sledila obse\u017ena serija koncertov. Leta 2017 so se fantje ponovno zaprli v studio in konec leta ponudili novo skladbo \u201dNa dnu fla\u0161e\u201d, za katero so posneli tudi videospot. Od takrat so izdali ve\u010d singlov, vsi dobro sprejeti med poslu\u0161alci, najnovej\u0161i je Ne grem domov.<\/p>\n<p>&nbsp;<\/p>\n<p><strong>V neznano<\/strong>:<\/p>\n<p><a href=\"https:\/\/www.youtube.com\/watch?v=-lS--tLlE6I\">https:\/\/www.youtube.com\/watch?v=-lS&#8211;tLlE6I<\/a><\/p>\n<p><strong>Ne grem domov<\/strong>:<\/p>\n<p><a href=\"https:\/\/www.youtube.com\/watch?v=7qnnmOMx-vo\">https:\/\/www.youtube.com\/watch?v=7qnnmOMx-vo<\/a><\/p>\n<p>&nbsp;<\/p>\n<p>&nbsp;<\/p>","protected":false},"excerpt":{"rendered":"<p>&nbsp; Na koncertu bosta po predolgem \u010dasu mo\u010di spet zdru\u017eili dve ajdovski rock skupini SKALP in PELHAN. Skupini bosta predstavili nov avtorski material, ki bo iz\u0161el v prihodnjih mesecih leto\u0161njega leta, prav tako pa ne bodo manjkali stari hiti, kot so Vem da lahko, Krik izpod mrzlih rjuh, V neznano&#8230; &nbsp; SKALP: Glasbena skupina\u00a0Skalp\u00a0prihaja iz [&hellip;]<\/p>","protected":false},"author":11,"featured_media":41606,"template":"","meta":{"_seopress_robots_primary_cat":"none","_seopress_titles_title":"","_seopress_titles_desc":"","_seopress_robots_index":""},"product_brand":[],"product_cat":[230],"product_tag":[222],"class_list":{"0":"post-41605","1":"product","2":"type-product","3":"status-publish","4":"has-post-thumbnail","6":"product_cat-arhiv","7":"product_tag-predprodaja","9":"entry","10":"has-media","12":"first","13":"instock","14":"virtual","15":"taxable","16":"product-type-simple","17":"has-product-nav","18":"col","19":"span_1_of_4","20":"owp-content-center","21":"item-entry","22":"owp-thumbs-layout-horizontal","23":"owp-btn-normal","24":"owp-tabs-layout-section","25":"has-no-thumbnails"},"publishpress_future_action":{"enabled":false,"date":"2026-05-08 21:31:14","action":"change-status","newStatus":"draft","terms":[],"taxonomy":"product_cat","extraData":[]},"publishpress_future_workflow_manual_trigger":{"enabledWorkflows":[]},"_links":{"self":[{"href":"https:\/\/www.orto-bar.com\/en\/wp-json\/wp\/v2\/product\/41605","targetHints":{"allow":["GET"]}}],"collection":[{"href":"https:\/\/www.orto-bar.com\/en\/wp-json\/wp\/v2\/product"}],"about":[{"href":"https:\/\/www.orto-bar.com\/en\/wp-json\/wp\/v2\/types\/product"}],"author":[{"embeddable":true,"href":"https:\/\/www.orto-bar.com\/en\/wp-json\/wp\/v2\/users\/11"}],"version-history":[{"count":0,"href":"https:\/\/www.orto-bar.com\/en\/wp-json\/wp\/v2\/product\/41605\/revisions"}],"wp:featuredmedia":[{"embeddable":true,"href":"https:\/\/www.orto-bar.com\/en\/wp-json\/wp\/v2\/media\/41606"}],"wp:attachment":[{"href":"https:\/\/www.orto-bar.com\/en\/wp-json\/wp\/v2\/media?parent=41605"}],"wp:term":[{"taxonomy":"product_brand","embeddable":true,"href":"https:\/\/www.orto-bar.com\/en\/wp-json\/wp\/v2\/product_brand?post=41605"},{"taxonomy":"product_cat","embeddable":true,"href":"https:\/\/www.orto-bar.com\/en\/wp-json\/wp\/v2\/product_cat?post=41605"},{"taxonomy":"product_tag","embeddable":true,"href":"https:\/\/www.orto-bar.com\/en\/wp-json\/wp\/v2\/product_tag?post=41605"}],"curies":[{"name":"wp","href":"https:\/\/api.w.org\/{rel}","templated":true}]}}