{"id":44436,"date":"2023-08-14T11:31:33","date_gmt":"2023-08-14T10:31:33","guid":{"rendered":"https:\/\/www.orto-bar.com\/?post_type=product&#038;p=44436"},"modified":"2024-04-19T23:56:20","modified_gmt":"2024-04-19T21:56:20","slug":"cosmo-daivat-mojstri-pasivne-energije","status":"publish","type":"product","link":"https:\/\/www.orto-bar.com\/en\/dogodki\/arhiv\/cosmo-daivat-mojstri-pasivne-energije\/","title":{"rendered":"Cosmo Daivat, Mojstri pasivne energije"},"content":{"rendered":"<p>so \u017ee z albumom \u201cSvobodi vdan\u201d dala slutiti, da bomo o njih \u0161e veliko sli\u0161ali, po nizu uspe\u0161nic, gostovanj in koncertov pa so nam \u017ee dobro zlezli pod ko\u017eo. Cosmo Daivat je dom, kamor se zate\u010demo, ko se nam rocka! Peterica, ki igra, da u\u017eiva in ki ustvarja, da pove. Brez sentimentalne navezanosti na glasbene klasifikacije in \u017eanrsko predal\u010dkanje. Tu so, ker so ustvarili svoj slog in ker jih ustvarjalnost, v studiu in na koncertih, \u017eene k vi\u0161jim, bolj\u0161im ciljem.<br \/>\nOd leta 2011 so izdali dva EP-ja in dva studijska albuma, angle\u0161kega \u2018I am Co.Da\u2019 (2016, samozalo\u017eba) ter slovenskega \u2018Svobodi vdan\u2019 (2018, Dallas Records). Pred nekaj leti so opravili celovito turnejo po slovenskih klubih, izstopal je koncert v Cvetli\u010darni na festivalu Antivalentinovo, kjer so ponudili energi\u010den nastop ob vizualni podpori, ki je zelo navdu\u0161il obiskovalce, sli\u0161ali pa smo jih tudi \u017ee v jutranjem koncertu na Valu 202 pri Andreju Karoliju.<\/p>\n<p>Tokrat se vra\u010dajo v Orto bar, kjer bodo ponudili svojo najbolj\u0161o verzijo.<br \/>\n________________________________________\u00a0je rock zasedba iz Zgornje Savinjske doline. Zase pravijo, da so kljub kratki skupni poti nanizali \u017ee nekaj zanimivih dejstev. Njihov singel in videospot &#8216;Za menoj&#8217; se je do nedavnega redno predvajal na oddaji Videotrak, bili so med zmagovalci nate\u010daja Radio SI Standouts 2021, ter v zadnjem letu nastopili na precej atraktivnih prizori\u0161\u010dih &#8211; pred delavskim domom v Trbovljah, na \u0160tuku v Mariboru, na festivalu Pank u modi v Beogradu ter nazadnje na prireditvi Break the silence v Celju. Fantje se spogledujejo se predvsem z rokovsko enostavnostjo in punkovsko iskrenostjo. V tem letu poleg igranja v \u017eivo pripravljajo svoj prvi album!<\/p>\n<p>&nbsp;<\/p>\n<p>&nbsp;<\/p>\n<p>&nbsp;<\/p>","protected":false},"excerpt":{"rendered":"<p>so \u017ee z albumom \u201cSvobodi vdan\u201d dala slutiti, da bomo o njih \u0161e veliko sli\u0161ali, po nizu uspe\u0161nic, gostovanj in koncertov pa so nam \u017ee dobro zlezli pod ko\u017eo. Cosmo Daivat je dom, kamor se zate\u010demo, ko se nam rocka! Peterica, ki igra, da u\u017eiva in ki ustvarja, da pove. Brez sentimentalne navezanosti na glasbene [&hellip;]<\/p>","protected":false},"author":11,"featured_media":44437,"template":"","meta":{"_seopress_robots_primary_cat":"none","_seopress_titles_title":"","_seopress_titles_desc":"","_seopress_robots_index":""},"product_brand":[],"product_cat":[230],"product_tag":[222],"class_list":{"0":"post-44436","1":"product","2":"type-product","3":"status-publish","4":"has-post-thumbnail","6":"product_cat-arhiv","7":"product_tag-predprodaja","9":"entry","10":"has-media","12":"first","13":"instock","14":"virtual","15":"taxable","16":"product-type-simple","17":"has-product-nav","18":"col","19":"span_1_of_4","20":"owp-content-center","21":"item-entry","22":"owp-thumbs-layout-horizontal","23":"owp-btn-normal","24":"owp-tabs-layout-section","25":"has-no-thumbnails"},"publishpress_future_action":{"enabled":false,"date":"2026-05-09 01:35:16","action":"change-status","newStatus":"draft","terms":[],"taxonomy":"product_cat","extraData":[]},"publishpress_future_workflow_manual_trigger":{"enabledWorkflows":[]},"_links":{"self":[{"href":"https:\/\/www.orto-bar.com\/en\/wp-json\/wp\/v2\/product\/44436","targetHints":{"allow":["GET"]}}],"collection":[{"href":"https:\/\/www.orto-bar.com\/en\/wp-json\/wp\/v2\/product"}],"about":[{"href":"https:\/\/www.orto-bar.com\/en\/wp-json\/wp\/v2\/types\/product"}],"author":[{"embeddable":true,"href":"https:\/\/www.orto-bar.com\/en\/wp-json\/wp\/v2\/users\/11"}],"version-history":[{"count":0,"href":"https:\/\/www.orto-bar.com\/en\/wp-json\/wp\/v2\/product\/44436\/revisions"}],"wp:featuredmedia":[{"embeddable":true,"href":"https:\/\/www.orto-bar.com\/en\/wp-json\/wp\/v2\/media\/44437"}],"wp:attachment":[{"href":"https:\/\/www.orto-bar.com\/en\/wp-json\/wp\/v2\/media?parent=44436"}],"wp:term":[{"taxonomy":"product_brand","embeddable":true,"href":"https:\/\/www.orto-bar.com\/en\/wp-json\/wp\/v2\/product_brand?post=44436"},{"taxonomy":"product_cat","embeddable":true,"href":"https:\/\/www.orto-bar.com\/en\/wp-json\/wp\/v2\/product_cat?post=44436"},{"taxonomy":"product_tag","embeddable":true,"href":"https:\/\/www.orto-bar.com\/en\/wp-json\/wp\/v2\/product_tag?post=44436"}],"curies":[{"name":"wp","href":"https:\/\/api.w.org\/{rel}","templated":true}]}}