{"id":44439,"date":"2023-08-14T11:38:57","date_gmt":"2023-08-14T10:38:57","guid":{"rendered":"https:\/\/www.orto-bar.com\/?post_type=product&#038;p=44439"},"modified":"2023-10-12T16:35:32","modified_gmt":"2023-10-12T14:35:32","slug":"blu-sine-ambra","status":"publish","type":"product","link":"https:\/\/www.orto-bar.com\/en\/dogodki\/arhiv\/blu-sine-ambra\/","title":{"rendered":"Blu.Sine, Ambra"},"content":{"rendered":"<p>Group <strong>Blu.Sine <\/strong>deluje od leta 2009 in ustvarja avtorsko glasbo s slovenskimi besedili v svojem zna\u010dilnem tema\u010dnem in melanholi\u010dnem slogu, s katerim kreativno zdru\u017euje elemente trip hopa, filmske glasbe, dark popa<br \/>\nin alternative. Leta 2014 so na prvencu Can You Hear in Color? zdru\u017eili dvanajst avtorskih skladb in se predstavili s klubskimi koncerti po Sloveniji.<\/p>\n<p>&nbsp;<\/p>\n<p>Leta 2019 so izdali svoj drugi album z naslovom 10 in ga predstavili so ga s singloma Mir in De\u017e.<\/p>\n<p>Poleti 2020 so svoj repertoar v raz\u0161irjeni akusti\u010dni zasedbi predstavili tudi v oddaji Iz\u0161tekani na Valu 202 in posnetek leta 2022 izdali kot album pri Zalo\u017ebi kaset in plo\u0161\u010d RTV Slovenija. 1.6.2023 pa je skupina izdala svoj tretji studijski album z naslovom Tree. Na albumu so poleg rednih \u010dlanov skupine, ki so Ur\u0161ka Bajec na vokalu in klaviaturah, \u017diga Krofli\u010d (Ambra, ex-Nova Schola Labacensis, ex-Ophidian) na kitari, Bor Hod\u017ei\u010d (ex-Umbilikal) na basu in Darian Kocmur (Siderean) na bobnih, sodelovali \u0161e \u017diga \u010cetrti\u010d na klaviaturah, \u017dan Florjanc na trobenti, Miha \u0160inigoj (Hellsword, JazzOud Quartet, Nova Schola Labacensis) na \u010delu ter Toma\u017e \u0160inigoj (JazzOud Quartet, Nova Schola Labacensis) na violini in hangu. Za snemanje, miks, produkcijo in vizualno podobo je poskrbel \u017diga Krofli\u010d.<\/p>\n<p>&nbsp;<\/p>\n<p>Blu.Sine so zvo\u010dne podobe o iskanju, izgubljanju, spoznavanju in sprejemanju, ujete nekje med ve\u010dno jesensko melanholijo in temno, hladno sodobnostjo.<\/p>\n<p>Album Tree na Bandcamp: <a href=\"https:\/\/blusine.bandcamp.com\/album\/tree\">https:\/\/blusine.bandcamp.com\/album\/tree<\/a><br \/>\nAlbum Tree na Youtube: <a href=\"https:\/\/youtu.be\/MDF-Chp38_c\">https:\/\/youtu.be\/MDF-Chp38_c<\/a><\/p>\n<p>________________________________________<\/p>\n<p>&nbsp;<\/p>\n<p>Megleno ljubljansko podzemlje je izpljunilo trdo, glasno in vnetljivo snov z imenom <strong>Ambra. <\/strong>Peterica, ki jo sestavljajo Andrej Blatnik (kitara), \u017diga Krofli\u010d (kitara), An\u017ee Vavpeti\u010d (bas), Robi Rep (bobni) in Jakob Rejec (vokal), je skupni imenovalec na\u0161la v glasbenem izrazu, ki pluje med alternativnimi \u017eanri tr\u0161ega konca spektra, ob vsem tem pa ne zanemarja niti svoje progresivne zapu\u0161\u010dine, ki jo po premi\u0161ljenih odmerkih priliva na ogenj avtorske glasbe.<\/p>\n<p>&nbsp;<\/p>\n<p>Ambra je bila ustanovljena leta 2015. V letu 2016 je izdala istoimenski in\u0161trumentalni EP, maja 2019 pa dolgometra\u017eni prvenec &#8220;Cor&#8221; z 10 skladbami. Po menjavi pevca se je skupina zaprla v studio, kjer pripravlja nov album.<\/p>\n<p>FB: <a href=\"https:\/\/www.facebook.com\/ambraband\">https:\/\/www.facebook.com\/ambraband<\/a><br \/>\nSC: <a href=\"https:\/\/ambraband.bandcamp.com\/\">https:\/\/ambraband.bandcamp.com\/<\/a><br \/>\nYT: <a href=\"https:\/\/www.youtube.com\/channel\/UCrl3OKcxh-MeYXAXm16m69Q\">https:\/\/www.youtube.com\/channel\/UCrl3OKcxh-MeYXAXm16m69Q<\/a><br \/>\nVI (R\u0160 Afterparty): <a href=\"https:\/\/vimeo.com\/194176925\">https:\/\/vimeo.com\/194176925<\/a><\/p>\n<p>&nbsp;<\/p>\n<p>&nbsp;<\/p>","protected":false},"excerpt":{"rendered":"<p>Skupina Blu.Sine deluje od leta 2009 in ustvarja avtorsko glasbo s slovenskimi besedili v svojem zna\u010dilnem tema\u010dnem in melanholi\u010dnem slogu, s katerim kreativno zdru\u017euje elemente trip hopa, filmske glasbe, dark popa in alternative. Leta 2014 so na prvencu Can You Hear in Color? zdru\u017eili dvanajst avtorskih skladb in se predstavili s klubskimi koncerti po Sloveniji. [&hellip;]<\/p>","protected":false},"author":11,"featured_media":44440,"template":"","meta":{"_seopress_robots_primary_cat":"none","_seopress_titles_title":"","_seopress_titles_desc":"","_seopress_robots_index":""},"product_brand":[],"product_cat":[230],"product_tag":[222],"class_list":{"0":"post-44439","1":"product","2":"type-product","3":"status-publish","4":"has-post-thumbnail","6":"product_cat-arhiv","7":"product_tag-predprodaja","9":"entry","10":"has-media","12":"first","13":"instock","14":"virtual","15":"taxable","16":"product-type-simple","17":"has-product-nav","18":"col","19":"span_1_of_4","20":"owp-content-center","21":"item-entry","22":"owp-thumbs-layout-horizontal","23":"owp-btn-normal","24":"owp-tabs-layout-section","25":"has-no-thumbnails"},"publishpress_future_action":{"enabled":false,"date":"2026-05-09 02:23:15","action":"change-status","newStatus":"draft","terms":[],"taxonomy":"product_cat","extraData":[]},"publishpress_future_workflow_manual_trigger":{"enabledWorkflows":[]},"_links":{"self":[{"href":"https:\/\/www.orto-bar.com\/en\/wp-json\/wp\/v2\/product\/44439","targetHints":{"allow":["GET"]}}],"collection":[{"href":"https:\/\/www.orto-bar.com\/en\/wp-json\/wp\/v2\/product"}],"about":[{"href":"https:\/\/www.orto-bar.com\/en\/wp-json\/wp\/v2\/types\/product"}],"author":[{"embeddable":true,"href":"https:\/\/www.orto-bar.com\/en\/wp-json\/wp\/v2\/users\/11"}],"version-history":[{"count":0,"href":"https:\/\/www.orto-bar.com\/en\/wp-json\/wp\/v2\/product\/44439\/revisions"}],"wp:featuredmedia":[{"embeddable":true,"href":"https:\/\/www.orto-bar.com\/en\/wp-json\/wp\/v2\/media\/44440"}],"wp:attachment":[{"href":"https:\/\/www.orto-bar.com\/en\/wp-json\/wp\/v2\/media?parent=44439"}],"wp:term":[{"taxonomy":"product_brand","embeddable":true,"href":"https:\/\/www.orto-bar.com\/en\/wp-json\/wp\/v2\/product_brand?post=44439"},{"taxonomy":"product_cat","embeddable":true,"href":"https:\/\/www.orto-bar.com\/en\/wp-json\/wp\/v2\/product_cat?post=44439"},{"taxonomy":"product_tag","embeddable":true,"href":"https:\/\/www.orto-bar.com\/en\/wp-json\/wp\/v2\/product_tag?post=44439"}],"curies":[{"name":"wp","href":"https:\/\/api.w.org\/{rel}","templated":true}]}}