{"id":45681,"date":"2023-09-13T10:06:35","date_gmt":"2023-09-13T09:06:35","guid":{"rendered":"https:\/\/www.orto-bar.com\/?post_type=product&#038;p=45681"},"modified":"2023-10-13T18:30:38","modified_gmt":"2023-10-13T16:30:38","slug":"bohem","status":"publish","type":"product","link":"https:\/\/www.orto-bar.com\/en\/dogodki\/arhiv\/bohem\/","title":{"rendered":"Bohem"},"content":{"rendered":"<p><em>BOHEM ZADNJI\u010c PROTI TOKU<\/em><\/p>\n<p>&nbsp;<\/p>\n<p><em>Orto Ljubljana<\/em><\/p>\n<p>&nbsp;<\/p>\n<p><em>13.10.2023 ob 20:00<\/em><\/p>\n<p>&nbsp;<\/p>\n<p><em>Predprodaja 12,90 eur<\/em><\/p>\n<p>&nbsp;<\/p>\n<p><em>Na dan koncerta 14,90 eur<\/em><\/p>\n<p>&nbsp;<\/p>\n<p><strong>Bohem \u2013 \u0161e zadnji\u010d Proti toku!<\/strong><\/p>\n<p>&nbsp;<\/p>\n<p>Bohem se vra\u010dajo v Orto \u2013 \u0161e zadnji\u010d Proti toku. Z novim albumom na neponovljivem koncertu.<\/p>\n<p>\u010ceprav v pesmi &#8216;Mi smo \u0161e vedno tu&#8217; trdijo, da niso nikoli nikamor od\u0161li, bo edinstven koncert v Ortu nekaj posebnega \u2013 osve\u017eeni, izpopolnjeni, z odli\u010dno novo glasbo postavljajo nove temelje v njihovi dolgi in plodni karieri.<\/p>\n<p>Glasbena poslastica za sladokusce, na kateri bodo \u0161e zadnji\u010d in nikoli ve\u010d v celoti zaigrali njihov odli\u010den nov album &#8216;Proti toku\u2019.<\/p>\n<p>Poleg neponovljive predstavitve novih pesmi ve\u010der ne bo minil brez uspe\u0161nic, kot so &#8216;On je jaz&#8217;, &#8216;9. junij&#8217;, \u2018Romanca&#8217; in ostalih.<\/p>\n<p>&nbsp;<\/p>\n<p>Zadnji album, ki ga skupina predstavlja na tokratnem koncertu, je za\u010drtal svojo pot \u017ee leta 2017. Z izdajo pesmi in videospotov za &#8216;Balada o njej&#8217; in &#8216;V Ljubljani&#8217;, katerim sta sledila &#8216;Zna\u010daj&#8217; in &#8216;Moja de\u017eela&#8217;, je skupina pokazala in dokazala, da \u0161e vedno zna pozitivno presenetiti. Mi smo \u0161e vedno tu, Ostani blizu, Proti toku in aktualna Pesem ptic selivk pa so dodale k mo\u010dnem prepri\u010danju, da je to njihov najbolj\u0161i album do sedaj. Kljub temu, da ne odstopajo od rde\u010de niti svojega ustvarjanja in so godala njihov najbolj prepoznavni talisman, vedno dodajajo svojemu zvoku nekaj novega in vrednega poslu\u0161anja. Kot pravijo sami: \u201cVsak na\u0161 izdelek mora nositi svoj pe\u010dat in svojo zgodbo, ob tem pa ne sme tekmovati z na\u0161im preteklim delom, v smislu kopiranja in ponavljanja.\u201d<\/p>\n<p>&nbsp;<\/p>\n<p>Zasedba, ki je z leti do\u017eivela nekaj kadrovskih sprememb, trenutno ustvarja v zasedbi Matic Jere, Simon \u0160ubic, Luka Pate, Dejvi Kotar in Manca Pinteri\u010d.<\/p>\n<p>&nbsp;<\/p>\n<p>Vabljeni \u0161e zadnji\u010d PROTI TOKU s skupino BOHEM v PETEK, 13.10.2023 ob 20h v Orto bar.<\/p>\n<p>&nbsp;<\/p>\n<p>Pot, na katero se podajte odprtega uma, s polnim kozarcem drznih misli in skritih \u017eelja. Pot, s katere se boste vrnili za\u010darani, prevzeti in ugla\u0161eni.<\/p>\n<p>&nbsp;<\/p>","protected":false},"excerpt":{"rendered":"<p>BOHEM ZADNJI\u010c PROTI TOKU &nbsp; Orto Ljubljana &nbsp; 13.10.2023 ob 20:00 &nbsp; Predprodaja 12,90 eur &nbsp; Na dan koncerta 14,90 eur &nbsp; Bohem \u2013 \u0161e zadnji\u010d Proti toku! &nbsp; Bohem se vra\u010dajo v Orto \u2013 \u0161e zadnji\u010d Proti toku. Z novim albumom na neponovljivem koncertu. \u010ceprav v pesmi &#8216;Mi smo \u0161e vedno tu&#8217; trdijo, da [&hellip;]<\/p>","protected":false},"author":11,"featured_media":46353,"template":"","meta":{"_seopress_robots_primary_cat":"none","_seopress_titles_title":"","_seopress_titles_desc":"","_seopress_robots_index":""},"product_brand":[],"product_cat":[230],"product_tag":[222],"class_list":{"0":"post-45681","1":"product","2":"type-product","3":"status-publish","4":"has-post-thumbnail","6":"product_cat-arhiv","7":"product_tag-predprodaja","9":"entry","10":"has-media","12":"first","13":"instock","14":"virtual","15":"taxable","16":"product-type-simple","17":"has-product-nav","18":"col","19":"span_1_of_4","20":"owp-content-center","21":"item-entry","22":"owp-thumbs-layout-horizontal","23":"owp-btn-normal","24":"owp-tabs-layout-section","25":"has-no-thumbnails"},"publishpress_future_action":{"enabled":false,"date":"2026-05-09 02:22:29","action":"change-status","newStatus":"draft","terms":[],"taxonomy":"product_cat","extraData":[]},"publishpress_future_workflow_manual_trigger":{"enabledWorkflows":[]},"_links":{"self":[{"href":"https:\/\/www.orto-bar.com\/en\/wp-json\/wp\/v2\/product\/45681","targetHints":{"allow":["GET"]}}],"collection":[{"href":"https:\/\/www.orto-bar.com\/en\/wp-json\/wp\/v2\/product"}],"about":[{"href":"https:\/\/www.orto-bar.com\/en\/wp-json\/wp\/v2\/types\/product"}],"author":[{"embeddable":true,"href":"https:\/\/www.orto-bar.com\/en\/wp-json\/wp\/v2\/users\/11"}],"version-history":[{"count":0,"href":"https:\/\/www.orto-bar.com\/en\/wp-json\/wp\/v2\/product\/45681\/revisions"}],"wp:featuredmedia":[{"embeddable":true,"href":"https:\/\/www.orto-bar.com\/en\/wp-json\/wp\/v2\/media\/46353"}],"wp:attachment":[{"href":"https:\/\/www.orto-bar.com\/en\/wp-json\/wp\/v2\/media?parent=45681"}],"wp:term":[{"taxonomy":"product_brand","embeddable":true,"href":"https:\/\/www.orto-bar.com\/en\/wp-json\/wp\/v2\/product_brand?post=45681"},{"taxonomy":"product_cat","embeddable":true,"href":"https:\/\/www.orto-bar.com\/en\/wp-json\/wp\/v2\/product_cat?post=45681"},{"taxonomy":"product_tag","embeddable":true,"href":"https:\/\/www.orto-bar.com\/en\/wp-json\/wp\/v2\/product_tag?post=45681"}],"curies":[{"name":"wp","href":"https:\/\/api.w.org\/{rel}","templated":true}]}}