{"id":86467,"date":"2024-12-09T13:14:32","date_gmt":"2024-12-09T12:14:32","guid":{"rendered":"https:\/\/www.orto-bar.com\/?post_type=product&#038;p=86467"},"modified":"2025-01-23T17:00:51","modified_gmt":"2025-01-23T16:00:51","slug":"fret-noize-ide-al","status":"publish","type":"product","link":"https:\/\/www.orto-bar.com\/en\/dogodki\/arhiv\/fret-noize-ide-al\/","title":{"rendered":"Fret noize, Ide-al"},"content":{"rendered":"<p>&nbsp;<\/p>\n<div class=\"x11i5rnm xat24cr x1mh8g0r x1vvkbs xtlvy1s\">\n<p><strong>Fret noize<\/strong> je pet\u010dlanska glasbena skupina, ki ustvarja prijetne ritme blues rocka, ob\u010dasno pa pose\u017ee tudi v druge \u017eanre. Skupina ustvarja od leta 2022. Pri ustvarjanju avtorske glasbe se \u010duti vpliv kitarskih zvokov Jimija Hendriksa, radi pa stopijo izven okvirjev klasi\u010dnega rocka, ter jih ponese v psihadeli\u010den svet in novej\u0161ega rocka. Pri iskanju zvoka za svoj prvi album se tako lahko pri\u010dakuje razli\u010dne motive, saj se skupina zaenkrat \u0161e no\u010de zares \u017eanrsko opredeliti. Zato vas vabimo na na\u0161 koncert, da nam na to vpra\u0161anje pomagate odgovoriti.<\/p>\n<p>Glavni vokal\/kitara &#8211; Dominik Ivan\u010dan<br \/>\nBack vokal\/bas &#8211; Grega Drobni\u010d<br \/>\nKitara &#8211; Jakob Ivanu\u0161i\u010d<br \/>\nKitara &#8211; Tilen Matkovi\u010d<br \/>\nBobni &#8211; \u017diga Mrzljak<\/p>\n<p><a href=\"https:\/\/www.youtube.com\/watch?v=TzATyc90lww\">https:\/\/www.youtube.com\/watch?v=TzATyc90lww<\/a><\/p>\n<p><a href=\"https:\/\/www.facebook.com\/fretnoize.band\">https:\/\/www.facebook.com\/fretnoize.band<\/a><\/p>\n<p><a href=\"https:\/\/www.instagram.com\/fretnoize_band?igsh=NGQ2YzZjbDVxdzlp\">https:\/\/www.instagram.com\/fretnoize_band?igsh=NGQ2YzZjbDVxdzlp<\/a><\/p>\n<p>&nbsp;<\/p>\n<p><strong>Ide-al<\/strong><\/p>\n<p>Oder bodo z kraj\u0161o uverturo ogreli novinci belokranjske klubske scene Ide-al, dokaj sve\u017ea glasbena skupina, ki se giblje nekje v nedefiniranem \u017eanru alternativnega rocka. Nastop pospremijo z zna\u010dilno mladostni\u0161ko \u017eivo energijo.<\/p>\n<p>Vokal\/ bas- Iris Vinski<\/p>\n<p>Kitara\/ bas- Ian \u0160trucelj<\/p>\n<p>Kitara\/ bas &#8211; Bor Kuni\u010d<br \/>\nBoben &#8211; Tit \u0160ober<\/p>\n<p>&nbsp;<\/p>\n<p><a href=\"https:\/\/www.instagram.com\/ide_al_band\/\">https:\/\/www.instagram.com\/ide_al_band\/<\/a><\/p>\n<p>&nbsp;<\/p>\n<p>Karta (na dan dogodka)- 10\u20ac<br \/>\nPredprodaja &#8211; 8\u20ac<\/p>\n<p>&nbsp;<\/p>\n<\/div>","protected":false},"excerpt":{"rendered":"<p>&nbsp; Fret noize je pet\u010dlanska glasbena skupina, ki ustvarja prijetne ritme blues rocka, ob\u010dasno pa pose\u017ee tudi v druge \u017eanre. Skupina ustvarja od leta 2022. Pri ustvarjanju avtorske glasbe se \u010duti vpliv kitarskih zvokov Jimija Hendriksa, radi pa stopijo izven okvirjev klasi\u010dnega rocka, ter jih ponese v psihadeli\u010den svet in novej\u0161ega rocka. Pri iskanju zvoka [&hellip;]<\/p>","protected":false},"author":11,"featured_media":86488,"template":"","meta":{"_seopress_robots_primary_cat":"none","_seopress_titles_title":"","_seopress_titles_desc":"","_seopress_robots_index":""},"product_brand":[],"product_cat":[230],"product_tag":[222],"class_list":{"0":"post-86467","1":"product","2":"type-product","3":"status-publish","4":"has-post-thumbnail","6":"product_cat-arhiv","7":"product_tag-predprodaja","9":"entry","10":"has-media","12":"first","13":"instock","14":"virtual","15":"taxable","16":"product-type-simple","17":"has-product-nav","18":"col","19":"span_1_of_4","20":"owp-content-center","21":"item-entry","22":"owp-thumbs-layout-horizontal","23":"owp-btn-normal","24":"owp-tabs-layout-section","25":"has-no-thumbnails"},"publishpress_future_action":{"enabled":false,"date":"2026-05-10 13:01:58","action":"change-status","newStatus":"draft","terms":[],"taxonomy":"product_cat","extraData":[]},"publishpress_future_workflow_manual_trigger":{"enabledWorkflows":[]},"_links":{"self":[{"href":"https:\/\/www.orto-bar.com\/en\/wp-json\/wp\/v2\/product\/86467","targetHints":{"allow":["GET"]}}],"collection":[{"href":"https:\/\/www.orto-bar.com\/en\/wp-json\/wp\/v2\/product"}],"about":[{"href":"https:\/\/www.orto-bar.com\/en\/wp-json\/wp\/v2\/types\/product"}],"author":[{"embeddable":true,"href":"https:\/\/www.orto-bar.com\/en\/wp-json\/wp\/v2\/users\/11"}],"version-history":[{"count":0,"href":"https:\/\/www.orto-bar.com\/en\/wp-json\/wp\/v2\/product\/86467\/revisions"}],"wp:featuredmedia":[{"embeddable":true,"href":"https:\/\/www.orto-bar.com\/en\/wp-json\/wp\/v2\/media\/86488"}],"wp:attachment":[{"href":"https:\/\/www.orto-bar.com\/en\/wp-json\/wp\/v2\/media?parent=86467"}],"wp:term":[{"taxonomy":"product_brand","embeddable":true,"href":"https:\/\/www.orto-bar.com\/en\/wp-json\/wp\/v2\/product_brand?post=86467"},{"taxonomy":"product_cat","embeddable":true,"href":"https:\/\/www.orto-bar.com\/en\/wp-json\/wp\/v2\/product_cat?post=86467"},{"taxonomy":"product_tag","embeddable":true,"href":"https:\/\/www.orto-bar.com\/en\/wp-json\/wp\/v2\/product_tag?post=86467"}],"curies":[{"name":"wp","href":"https:\/\/api.w.org\/{rel}","templated":true}]}}